{"id":260,"date":"2011-11-04T22:35:43","date_gmt":"2011-11-05T01:35:43","guid":{"rendered":"http:\/\/www.colegiolatinocordillera.cl\/w3\/?page_id=260"},"modified":"2019-02-22T14:03:31","modified_gmt":"2019-02-22T17:03:31","slug":"objetivos-por-nivel","status":"publish","type":"page","link":"https:\/\/www.colegiolatinocordillera.cl\/w3\/queremos\/objetivos-por-nivel\/","title":{"rendered":"Objetivos por nivel"},"content":{"rendered":"<p><img loading=\"lazy\" decoding=\"async\" class=\"alignnone size-full wp-image-1315\" src=\"http:\/\/www.colegiolatinocordillera.cl\/w3\/wp-content\/uploads\/2011\/11\/objetivos.jpg\" alt=\"objetivos\" width=\"650\" height=\"307\" srcset=\"https:\/\/www.colegiolatinocordillera.cl\/w3\/wp-content\/uploads\/2011\/11\/objetivos.jpg 650w, https:\/\/www.colegiolatinocordillera.cl\/w3\/wp-content\/uploads\/2011\/11\/objetivos-300x141.jpg 300w, https:\/\/www.colegiolatinocordillera.cl\/w3\/wp-content\/uploads\/2011\/11\/objetivos-150x70.jpg 150w, https:\/\/www.colegiolatinocordillera.cl\/w3\/wp-content\/uploads\/2011\/11\/objetivos-400x188.jpg 400w\" sizes=\"auto, (max-width: 650px) 100vw, 650px\" \/><\/p>\n<h1>Objetivos por nivel<\/h1>\n<div style=\"color: #006175; text-decoration: underline; font-weight: bold;\"><img loading=\"lazy\" decoding=\"async\" class=\"alignnone size-full wp-image-648\" style=\"margin-bottom: -2px; border-bottom: 1px solid;\" src=\"http:\/\/www.colegiolatinocordillera.cl\/w3\/wp-content\/uploads\/2011\/11\/estudiante_1.png\" alt=\"\" width=\"30\" height=\"44\">Napoki<\/div>\n<div style=\"background: url('fondo_n.png'); margin-bottom: 16px; padding: 8px 5px 10px 5px; color: #006175;\">\n<p>En este, nuestro primer nivel de ense\u00f1anza, nos proponemos un proyecto pedag\u00f3gico que estimule el juego, la observaci\u00f3n, la curiosidad y la experimentaci\u00f3n para el logro de un aprendizaje duradero y progresivo.<\/p>\n<p>Nos encargamos de que los ni\u00f1os y ni\u00f1as aprendan seg\u00fan sus capacidades y potencialidades. Respetamos sus propios y particulares ritmos para que adquieran autonom\u00eda y confianza en s\u00ed mismos.<\/p>\n<p>Cuidamos que las relaciones entre ni\u00f1os y ni\u00f1as, educadores y familias se manifiesten en un clima de cordialidad y respeto para que la participaci\u00f3n de todos en la experiencia educativa sea provechosa y constructiva.<\/p>\n<p>Nos ocupamos de generar ambientes de aprendizaje estimulantes y placenteros para que cada ni\u00f1o y ni\u00f1a sea protagonista de su tarea de aprender.<\/p>\n<p>Buscamos brindar seguridad y afecto para que cada uno de nuestros p\u00e1rvulos pueda explorar, sentir, expresar y escuchar con el debido respeto por sus derechos y el de los otros.<\/p>\n<\/div>\n<div style=\"color: #bf0531; text-decoration: underline; font-weight: bold;\"><img loading=\"lazy\" decoding=\"async\" class=\"alignnone size-full wp-image-651\" style=\"margin-bottom: -2px; border-bottom: 1px solid;\" src=\"http:\/\/www.colegiolatinocordillera.cl\/w3\/wp-content\/uploads\/2011\/11\/estudiante_2.png\" alt=\"\" width=\"32\" height=\"45\">Trem\u00fcn<\/div>\n<div style=\"background: url('fondo_t.png'); margin-bottom: 16px; padding: 8px 5px 10px 5px; color: #bf0531;\">\n<p>El objetivo central de 1\u00ba a 6\u00ba b\u00e1sico es desarrollar en los estudiantes el \u2018aprender a aprender\u2019 a trav\u00e9s de la pr\u00e1ctica de 5 elementos aparentemente simples: la retroalimentaci\u00f3n efectiva a los estudiantes; el involucramiento activo del estudiante en su aprendizaje: que sepa qu\u00e9 est\u00e1 aprendiendo pero tambi\u00e9n c\u00f3mo lo est\u00e1 aprendiendo; ajustar la ense\u00f1anza tomando en cuenta los resultados de la evaluaci\u00f3n; reconocer el impacto que tiene la evaluaci\u00f3n sobre la motivaci\u00f3n y la autoestima de los estudiantes y que los estudiantes puedan autoevaluarse y entender c\u00f3mo mejorar.<\/p>\n<p><span style=\"text-decoration: underline;\">Usamos la evaluaci\u00f3n para promover el aprendizaje<\/span><\/p>\n<p>&#8211; Es consistente con la forma de ense\u00f1ar y aprender y es parte esencial de ella.<\/p>\n<p>&#8211; Involucra compartir y acordar metas de aprendizaje con los estudiantes.<\/p>\n<p>&#8211; Ayuda a los estudiantes a reconocer lo que se espera de ellos\/as, los niveles de logro que est\u00e1n tratando de alcanzar.<\/p>\n<p>&#8211; Involucra a estudiantes a trav\u00e9s de la auto-evaluaci\u00f3n.<\/p>\n<p>&#8211; Provee retroalimentaci\u00f3n, la que ayuda a los estudiantes a reconocer sus pr\u00f3ximos pasos y c\u00f3mo realizarlos.<\/p>\n<p>&#8211; Est\u00e1 basada en la confianza de que cada estudiante puede mejorar.<\/p>\n<p>&#8211; Involucra a profesores\/as y estudiantes, revisando y reflexionando sobre datos que entrega la evaluaci\u00f3n.<\/p>\n<p><span style=\"text-decoration: underline;\">En nuestras aulas esperamos ver<\/span><\/p>\n<p>&#8211; Una clase cuya estructura es compartida por profesores y estudiantes.<\/p>\n<p>&#8211; El\/la profesor\/a comparte el Aprendizaje Esperado con sus estudiantes e indaga lo que ya saben o saben hacer.<\/p>\n<p>&#8211; El\/la profesor\/a ense\u00f1a, relaciona y modela abordando los distintos estilos de aprendizaje de sus estudiantes.<\/p>\n<p>&#8211; Los\/as estudiantes trabajan en forma independiente y saben d\u00f3nde est\u00e1n las cosas que necesitan y c\u00f3mo obtener ayuda.<\/p>\n<p>&#8211; Se observa y escucha c\u00f3mo los\/as estudiantes describen su trabajo y su razonamiento.<\/p>\n<p>&#8211; Se hacen preguntas abiertas, fraseadas para invitar a estudiantes a explorar sus ideas y su razonamiento.<\/p>\n<p>&#8211; Estudiantes que toman riesgos, cometen errores y los comparten para que todos puedan aprender de ellos.<\/p>\n<p>&#8211; Profesores\/as con altas expectativas de todos sus estudiantes, especialmente de su conducta y actitud.<\/p>\n<p>&#8211; Se dan tareas que exigen al estudiante el despliegue de habilidades y la aplicaci\u00f3n de ideas.<\/p>\n<p>&#8211; Estudiantes con confianza en s\u00ed mismo y su capacidad de esfuerzo.<\/p>\n<p>&#8211; Estudiantes que comunican su aprendizaje a trav\u00e9s de dibujos, acciones, rolplay, mapa de conceptos y escritura.<\/p>\n<p>&#8211; Estudiantes que discuten el significado de palabras y c\u00f3mo se usan.<\/p>\n<p>&#8211; Evaluando la clase y lo que aprendimos en ella.\n<\/p><\/div>\n<div style=\"color: #c45316; text-decoration: underline; font-weight: bold;\"><img loading=\"lazy\" decoding=\"async\" class=\"alignnone size-full wp-image-652\" style=\"margin-bottom: -2px; border-bottom: 1px solid;\" src=\"http:\/\/www.colegiolatinocordillera.cl\/w3\/wp-content\/uploads\/2011\/11\/estudiante_3.png\" alt=\"\" width=\"32\" height=\"47\">Jaqi<\/div>\n<div style=\"background: url('fondo_j.png'); padding: 8px 5px 10px 5px; color: #c45316;\">\n<p>En este nivel pretendemos que los\/as j\u00f3venes asimilen de forma significativa y cr\u00edtica los elementos b\u00e1sicos de la cultura de nuestro tiempo y se preparen para ser ciudadanos capaces de desempe\u00f1ar sus deberes y de ejercer sus derechos en una sociedad democr\u00e1tica; y tambi\u00e9n pretendemos sentar las bases para su posterior formaci\u00f3n en diversos campos y modalidades.<\/p>\n<p>A partir de los doce a\u00f1os se adquiere y consolida un tipo de pensamiento de car\u00e1cter abstracto, que trabaja con operaciones l\u00f3gico-formales y que permite la resoluci\u00f3n de problemas complejos. Este tipo de pensamiento significa capacidad de razonamiento, de formulaci\u00f3n de hip\u00f3tesis, de comprobaci\u00f3n sistem\u00e1tica de las mismas, de argumentaci\u00f3n, reflexi\u00f3n, an\u00e1lisis y exploraci\u00f3n de las variables que intervienen en los fen\u00f3menos.<\/p>\n<p>En relaci\u00f3n con el pensamiento abstracto formal, los\/as estudiantes han de ser iniciados en el m\u00e9todo y procedimientos del conocimiento cient\u00edfico, en el desarrollo de estrategias para la soluci\u00f3n de problemas, en la asimilaci\u00f3n de la informaci\u00f3n y en el pensamiento cr\u00edtico.<\/p>\n<p>La exploraci\u00f3n y conocimiento de la realidad requiere diferentes modos de representaci\u00f3n, entre los cuales sobresale el lenguaje. En esta, como en otras etapas, el lenguaje desempe\u00f1a un papel crucial como instrumento regulador del pensamiento y tambi\u00e9n del comportamiento. Pero el lenguaje no es la \u00fanica forma de representaci\u00f3n y, por lo tanto, el dominio de otros c\u00f3digos representativos, sean de las matem\u00e1ticas, de la producci\u00f3n art\u00edstica o de la expresi\u00f3n corporal, contribuyen tanto al desarrollo del pensamiento formal, como a una expresi\u00f3n y comunicaci\u00f3n a la altura de las necesidades de los\/as j\u00f3venes.<\/p>\n<p>Es tambi\u00e9n la etapa en el que ha de completarse la socializaci\u00f3n de los\/as estudiantes, su educaci\u00f3n para una convivencia democr\u00e1tica, su acceso al patrimonio cultural y a los significados sociales.<\/p>\n<\/div>\n","protected":false},"excerpt":{"rendered":"<p>Objetivos por nivel Napoki En este, nuestro primer nivel de ense\u00f1anza, nos proponemos un proyecto pedag\u00f3gico que estimule el juego, la observaci\u00f3n, la curiosidad y la experimentaci\u00f3n para el logro&#8230;<\/p>\n","protected":false},"author":7,"featured_media":0,"parent":401,"menu_order":1,"comment_status":"closed","ping_status":"closed","template":"page-sidebar.php","meta":{"footnotes":""},"class_list":["post-260","page","type-page","status-publish","hentry"],"_links":{"self":[{"href":"https:\/\/www.colegiolatinocordillera.cl\/w3\/wp-json\/wp\/v2\/pages\/260","targetHints":{"allow":["GET"]}}],"collection":[{"href":"https:\/\/www.colegiolatinocordillera.cl\/w3\/wp-json\/wp\/v2\/pages"}],"about":[{"href":"https:\/\/www.colegiolatinocordillera.cl\/w3\/wp-json\/wp\/v2\/types\/page"}],"author":[{"embeddable":true,"href":"https:\/\/www.colegiolatinocordillera.cl\/w3\/wp-json\/wp\/v2\/users\/7"}],"replies":[{"embeddable":true,"href":"https:\/\/www.colegiolatinocordillera.cl\/w3\/wp-json\/wp\/v2\/comments?post=260"}],"version-history":[{"count":46,"href":"https:\/\/www.colegiolatinocordillera.cl\/w3\/wp-json\/wp\/v2\/pages\/260\/revisions"}],"predecessor-version":[{"id":4063,"href":"https:\/\/www.colegiolatinocordillera.cl\/w3\/wp-json\/wp\/v2\/pages\/260\/revisions\/4063"}],"up":[{"embeddable":true,"href":"https:\/\/www.colegiolatinocordillera.cl\/w3\/wp-json\/wp\/v2\/pages\/401"}],"wp:attachment":[{"href":"https:\/\/www.colegiolatinocordillera.cl\/w3\/wp-json\/wp\/v2\/media?parent=260"}],"curies":[{"name":"wp","href":"https:\/\/api.w.org\/{rel}","templated":true}]}}