{"id":434,"date":"2012-08-29T22:20:00","date_gmt":"2012-08-30T01:20:00","guid":{"rendered":"http:\/\/www.colegiolatinocordillera.cl\/w3\/?page_id=434"},"modified":"2025-11-20T10:02:13","modified_gmt":"2025-11-20T13:02:13","slug":"transporte","status":"publish","type":"page","link":"https:\/\/www.colegiolatinocordillera.cl\/w3\/informaciones\/transporte\/","title":{"rendered":"Transporte"},"content":{"rendered":"<p><img loading=\"lazy\" decoding=\"async\" class=\"alignnone size-full wp-image-696\" src=\"http:\/\/www.colegiolatinocordillera.cl\/w3\/wp-content\/uploads\/2012\/08\/transporte.png\" alt=\"\" width=\"670\" height=\"190\" srcset=\"https:\/\/www.colegiolatinocordillera.cl\/w3\/wp-content\/uploads\/2012\/08\/transporte.png 670w, https:\/\/www.colegiolatinocordillera.cl\/w3\/wp-content\/uploads\/2012\/08\/transporte-300x85.png 300w\" sizes=\"auto, (max-width: 670px) 100vw, 670px\" \/><\/p>\n<h1>Transporte<\/h1>\n<p>El servicio de transporte escolar es prestado de forma independiente por personas que cuentan con la confianza del Colegio. El Colegio no tiene participaci\u00f3n en la fijaci\u00f3n de las tarifas por servicio, solo se remite a fiscalizar que los veh\u00edculos cumplan la normativa vigente.<\/p>\n<div style=\"text-decoration: underline;\">Transportistas empadronados en el Colegio:<\/div>\n<table class=\"striped\" border=\"0\" width=\"auto\" cellspacing=\"4\" cellpadding=\"4\">\n<tbody>\n<tr>\n<td>\n<div style=\"text-align: center;\"><strong>Nombre<\/strong><\/div>\n<\/td>\n<td>\n<div style=\"text-align: center;\"><strong>Sector<\/strong><\/div>\n<\/td>\n<td>\n<div style=\"text-align: center;\"><strong>Patente Veh\u00edculo<\/strong><\/div>\n<\/td>\n<td>\n<div style=\"text-align: center;\"><strong>Tel\u00e9fono<\/strong><\/div>\n<\/td>\n<\/tr>\n<tr>\n<td>Jessica Aguilar Le\u00f3n<\/td>\n<td style=\"text-align: center;\">La Florida Poniente<\/td>\n<td style=\"text-align: center;\">HZPD70<\/td>\n<td>967274054<\/td>\n<\/tr>\n<tr>\n<td>Valentina Lav\u00edn Ruiz<\/td>\n<td style=\"text-align: center;\">La Florida Oriente<\/td>\n<td style=\"text-align: center;\">BKLG27<\/td>\n<td>953215572<\/td>\n<\/tr>\n<tr>\n<td>Magaly Marchant Cornejo<\/td>\n<td style=\"text-align: center;\">Eje Departamental<\/td>\n<td style=\"text-align: center;\">FZVW98<\/td>\n<td>984902115<\/td>\n<\/tr>\n<tr>\n<td>Virginia V\u00e1squez Palacios<\/td>\n<td style=\"text-align: center;\">\u00d1u\u00f1oa &#8211; Macul<\/td>\n<td style=\"text-align: center;\">BWFT28<\/td>\n<td>990744509<\/td>\n<\/tr>\n<tr>\n<td>M\u00f3nica Vilches Espinoza<\/td>\n<td style=\"text-align: center;\">\u00d1u\u00f1oa &#8211; La Reina<\/td>\n<td style=\"text-align: center;\">DKTS65<\/td>\n<td>972125221<\/td>\n<\/tr>\n<\/tbody>\n<\/table>\n<p>&nbsp;<\/p>\n","protected":false},"excerpt":{"rendered":"<p>Transporte El servicio de transporte escolar es prestado de forma independiente por personas que cuentan con la confianza del Colegio. El Colegio no tiene participaci\u00f3n en la fijaci\u00f3n de las&#8230;<\/p>\n","protected":false},"author":7,"featured_media":0,"parent":7,"menu_order":4,"comment_status":"closed","ping_status":"closed","template":"","meta":{"footnotes":""},"class_list":["post-434","page","type-page","status-publish","hentry"],"_links":{"self":[{"href":"https:\/\/www.colegiolatinocordillera.cl\/w3\/wp-json\/wp\/v2\/pages\/434","targetHints":{"allow":["GET"]}}],"collection":[{"href":"https:\/\/www.colegiolatinocordillera.cl\/w3\/wp-json\/wp\/v2\/pages"}],"about":[{"href":"https:\/\/www.colegiolatinocordillera.cl\/w3\/wp-json\/wp\/v2\/types\/page"}],"author":[{"embeddable":true,"href":"https:\/\/www.colegiolatinocordillera.cl\/w3\/wp-json\/wp\/v2\/users\/7"}],"replies":[{"embeddable":true,"href":"https:\/\/www.colegiolatinocordillera.cl\/w3\/wp-json\/wp\/v2\/comments?post=434"}],"version-history":[{"count":41,"href":"https:\/\/www.colegiolatinocordillera.cl\/w3\/wp-json\/wp\/v2\/pages\/434\/revisions"}],"predecessor-version":[{"id":6413,"href":"https:\/\/www.colegiolatinocordillera.cl\/w3\/wp-json\/wp\/v2\/pages\/434\/revisions\/6413"}],"up":[{"embeddable":true,"href":"https:\/\/www.colegiolatinocordillera.cl\/w3\/wp-json\/wp\/v2\/pages\/7"}],"wp:attachment":[{"href":"https:\/\/www.colegiolatinocordillera.cl\/w3\/wp-json\/wp\/v2\/media?parent=434"}],"curies":[{"name":"wp","href":"https:\/\/api.w.org\/{rel}","templated":true}]}}